{"id":42188,"date":"2018-05-11T14:45:06","date_gmt":"2018-05-11T14:45:06","guid":{"rendered":"https:\/\/moreholiday.cmsfacil.eu\/la-guia-de-more-holiday\/"},"modified":"2022-06-27T21:27:54","modified_gmt":"2022-06-27T21:27:54","slug":"live-llanca-blog","status":"publish","type":"page","link":"https:\/\/fabrega-goertzen.com\/en\/live-llanca-blog\/","title":{"rendered":"live llan\u00e7\u00e0"},"content":{"rendered":"\t\t<div data-elementor-type=\"wp-page\" data-elementor-id=\"42188\" class=\"elementor elementor-42188 elementor-27910\" data-elementor-post-type=\"page\">\n\t\t\t\t\t\t<section class=\"elementor-section elementor-top-section elementor-element elementor-element-16e03bd elementor-section-boxed elementor-section-height-default elementor-section-height-default\" data-id=\"16e03bd\" data-element_type=\"section\" data-e-type=\"section\" data-settings=\"{&quot;background_background&quot;:&quot;classic&quot;}\">\n\t\t\t\t\t\t<div class=\"elementor-container elementor-column-gap-default\">\n\t\t\t\t\t<div class=\"elementor-column elementor-col-100 elementor-top-column elementor-element elementor-element-7b63afb\" data-id=\"7b63afb\" data-element_type=\"column\" data-e-type=\"column\">\n\t\t\t<div class=\"elementor-widget-wrap elementor-element-populated\">\n\t\t\t\t\t\t<div class=\"elementor-element elementor-element-332c90b elementor-widget elementor-widget-heading\" data-id=\"332c90b\" data-element_type=\"widget\" data-e-type=\"widget\" data-widget_type=\"heading.default\">\n\t\t\t\t<div class=\"elementor-widget-container\">\n\t\t\t\t\t<p class=\"elementor-heading-title elementor-size-default\">Discover Llan\u00e7\u00e0<\/p>\t\t\t\t<\/div>\n\t\t\t\t<\/div>\n\t\t\t\t<div class=\"elementor-element elementor-element-0a22748 elementor-widget elementor-widget-heading\" data-id=\"0a22748\" data-element_type=\"widget\" data-e-type=\"widget\" data-widget_type=\"heading.default\">\n\t\t\t\t<div class=\"elementor-widget-container\">\n\t\t\t\t\t<p class=\"elementor-heading-title elementor-size-default\">Blog about experiences in the Costa Brava and the Cap de Creus area<\/p>\t\t\t\t<\/div>\n\t\t\t\t<\/div>\n\t\t\t\t<div class=\"elementor-element elementor-element-7422849 elementor-widget elementor-widget-Wprentals_Featured_Article\" data-id=\"7422849\" data-element_type=\"widget\" data-e-type=\"widget\" data-widget_type=\"Wprentals_Featured_Article.default\">\n\t\t\t\t<div class=\"elementor-widget-container\">\n\t\t\t\t\t<div class=\"featured_article_type2\">\n                       <div class=\"featured_img_type2\" style=\"background-image:url(https:\/\/fabrega-goertzen.com\/wp-content\/uploads\/2021\/01\/feb21altemp-6083_7_orig-1024x682-min.jpeg)\">\n                            <div class=\"featured_article_type2_cover\">\n                            <\/div>\n                            <div class=\"featured_article_type2_title_wrapper\">\n                                <div class=\"featured_article_label\">Featured Article<\/div>\n                                <a href=\"https:\/\/fabrega-goertzen.com\/ruta-por-los-faros-de-la-costa-brava-emporda\/\"><h2>RUTA POR LOS FAROS DE LA COSTA BRAVA, EMPORD\u00c0<\/h2><\/a>\n                                <div class=\"featured_read_more\"><a href=\"https:\/\/fabrega-goertzen.com\/ruta-por-los-faros-de-la-costa-brava-emporda\/\">read more<\/a> <i class=\"fas fa-chevron-right\"><\/i><\/div>\n                            <\/div>\n                        <\/div>\n                    <\/div>\t\t\t\t<\/div>\n\t\t\t\t<\/div>\n\t\t\t\t<div class=\"elementor-element elementor-element-0bdccce elementor-widget elementor-widget-Wprentals_Recent_Items\" data-id=\"0bdccce\" data-element_type=\"widget\" data-e-type=\"widget\" data-widget_type=\"Wprentals_Recent_Items.default\">\n\t\t\t\t<div class=\"elementor-widget-container\">\n\t\t\t\t\t<div class=\" bottom-post nobutton \" ><div class=\"items_shortcode_wrapper  \"><div class=\"col-md-4 blog_unit_wrapper \">\n    <div class=\"blog_unit_back blog-unit-2\" data-link=\"https:\/\/fabrega-goertzen.com\/en\/llanca-en-setiembre\/\">\n        <div class=\"listing-unit-img-wrapper\"> <img decoding=\"async\" src=\"https:\/\/fabrega-goertzen.com\/wp-content\/uploads\/2022\/01\/jan21llanc-a-0804_7_orig-1024x682-1-400x242.jpeg\" class=\" b-lazy img-responsive\" alt=\"LLAN\u00c7\u00c0 IN SEPTEMBER IS EVEN MORE LLAN\u00c7\u00c0\" ><\/div>          \n        <div class=\"wprentals-blog-unit-content-wrapper\">\n\n            <a itemprop=\"url\"  href=\"https:\/\/fabrega-goertzen.com\/en\/llanca-en-setiembre\/\" class=\"blog-title-link\">\n        <span itemprop=\"name\">LLAN\u00c7\u00c0 IN SEPTEMBER IS EVEN MORE LLAN\u00c7\u00c0<\/span><\/a>    \n            \n            <div class=\"blog-unit-content\">\n                Every season of the year or holiday season is good but September is even better. Why? In September Llan\u00e7\u00e0 is even more Llan\u00e7\u00e0. Because the ...            <\/div>\n            \n            <div class=\"category_tagline\">\n                <span class=\"span_widemeta\"> June 11, 2021<\/span> , \n                <span class=\"span_widemeta span_comments\"><i class=\"far fa-comment\"><\/i> 0<\/span>\n            <\/div>           \n        <\/div>\n    <\/div>    \n<\/div><div class=\"col-md-4 blog_unit_wrapper \">\n    <div class=\"blog_unit_back blog-unit-2\" data-link=\"https:\/\/fabrega-goertzen.com\/en\/como-alquilar-un-apartamento-vacacional\/\">\n        <div class=\"listing-unit-img-wrapper\"> <img decoding=\"async\" src=\"https:\/\/fabrega-goertzen.com\/wp-content\/uploads\/2021\/05\/12-Feb21Llanc\u0327a\u0300-90-1-400x242.jpg\" class=\" b-lazy img-responsive\" alt=\"HOW TO RENT A HOLIDAY HOME ?\" ><\/div>          \n        <div class=\"wprentals-blog-unit-content-wrapper\">\n\n            <a itemprop=\"url\"  href=\"https:\/\/fabrega-goertzen.com\/en\/como-alquilar-un-apartamento-vacacional\/\" class=\"blog-title-link\">\n        <span itemprop=\"name\">HOW TO RENT A HOLIDAY HOME ?<\/span><\/a>    \n            \n            <div class=\"blog-unit-content\">\n                With the arrival of the holiday season, all sorts of questions arise. The first one we ask ourselves is which city or country we want ...            <\/div>\n            \n            <div class=\"category_tagline\">\n                <span class=\"span_widemeta\"> February 22, 2021<\/span> , \n                <span class=\"span_widemeta span_comments\"><i class=\"far fa-comment\"><\/i> 0<\/span>\n            <\/div>           \n        <\/div>\n    <\/div>    \n<\/div><div class=\"col-md-4 blog_unit_wrapper \">\n    <div class=\"blog_unit_back blog-unit-2\" data-link=\"https:\/\/fabrega-goertzen.com\/en\/ruta-por-los-faros-de-la-costa-brava-emporda\/\">\n        <div class=\"listing-unit-img-wrapper\"> <img decoding=\"async\" src=\"https:\/\/fabrega-goertzen.com\/wp-content\/uploads\/2021\/01\/feb21altemp-6083_7_orig-1024x682-min-400x242.jpeg\" class=\" b-lazy img-responsive\" alt=\"ROUTE EXPLORING THE LIGHTHOUSES OF THE COSTA BRAVA, EMPORD\u00c0\" ><\/div>          \n        <div class=\"wprentals-blog-unit-content-wrapper\">\n\n            <a itemprop=\"url\"  href=\"https:\/\/fabrega-goertzen.com\/en\/ruta-por-los-faros-de-la-costa-brava-emporda\/\" class=\"blog-title-link\">\n        <span itemprop=\"name\">ROUTE EXPLORING THE LIGHTHOUSES OF THE COSTA BRAVA, EMPORD...<\/span><\/a>    \n            \n            <div class=\"blog-unit-content\">\n                Here we outline the route which explores the lighthouses of the Costa Brava, Empord\u00e0, starting from the one which separates Llan\u00e7\u00e0 from Port de la ...            <\/div>\n            \n            <div class=\"category_tagline\">\n                <span class=\"span_widemeta\"> January 31, 2021<\/span> , \n                <span class=\"span_widemeta span_comments\"><i class=\"far fa-comment\"><\/i> 0<\/span>\n            <\/div>           \n        <\/div>\n    <\/div>    \n<\/div><\/div><\/div>\t\t\t\t<\/div>\n\t\t\t\t<\/div>\n\t\t\t\t\t<\/div>\n\t\t<\/div>\n\t\t\t\t\t<\/div>\n\t\t<\/section>\n\t\t\t\t<section class=\"elementor-section elementor-top-section elementor-element elementor-element-512a2cc elementor-hidden-tablet elementor-hidden-phone elementor-section-stretched elementor-section-boxed elementor-section-height-default elementor-section-height-default\" data-id=\"512a2cc\" data-element_type=\"section\" data-e-type=\"section\" data-settings=\"{&quot;background_background&quot;:&quot;classic&quot;,&quot;stretch_section&quot;:&quot;section-stretched&quot;}\">\n\t\t\t\t\t\t<div class=\"elementor-container elementor-column-gap-default\">\n\t\t\t\t\t<div class=\"elementor-column elementor-col-33 elementor-top-column elementor-element elementor-element-dcfe7a1\" data-id=\"dcfe7a1\" data-element_type=\"column\" data-e-type=\"column\">\n\t\t\t<div class=\"elementor-widget-wrap\">\n\t\t\t\t\t\t\t<\/div>\n\t\t<\/div>\n\t\t\t\t<div class=\"elementor-column elementor-col-33 elementor-top-column elementor-element elementor-element-fd2bfce\" data-id=\"fd2bfce\" data-element_type=\"column\" data-e-type=\"column\">\n\t\t\t<div class=\"elementor-widget-wrap elementor-element-populated\">\n\t\t\t\t\t\t<div class=\"elementor-element elementor-element-63f5d48 elementor-widget elementor-widget-spacer\" data-id=\"63f5d48\" data-element_type=\"widget\" data-e-type=\"widget\" data-widget_type=\"spacer.default\">\n\t\t\t\t<div class=\"elementor-widget-container\">\n\t\t\t\t\t\t\t<div class=\"elementor-spacer\">\n\t\t\t<div class=\"elementor-spacer-inner\"><\/div>\n\t\t<\/div>\n\t\t\t\t\t\t<\/div>\n\t\t\t\t<\/div>\n\t\t\t\t<div class=\"elementor-element elementor-element-33ce775 elementor-widget elementor-widget-heading\" data-id=\"33ce775\" data-element_type=\"widget\" data-e-type=\"widget\" data-widget_type=\"heading.default\">\n\t\t\t\t<div class=\"elementor-widget-container\">\n\t\t\t\t\t<h2 class=\"elementor-heading-title elementor-size-default\">Subscribe to the FG newsletter<\/h2>\t\t\t\t<\/div>\n\t\t\t\t<\/div>\n\t\t\t\t<div class=\"elementor-element elementor-element-5a9c641 elementor-widget elementor-widget-text-editor\" data-id=\"5a9c641\" data-element_type=\"widget\" data-e-type=\"widget\" data-widget_type=\"text-editor.default\">\n\t\t\t\t<div class=\"elementor-widget-container\">\n\t\t\t\t\t\t\t\t\t<p>We discover unique plans, getaway proposals and special promotions for F\u00e0brega-Goertzen subscribers. <\/p>\t\t\t\t\t\t\t\t<\/div>\n\t\t\t\t<\/div>\n\t\t\t\t<div class=\"elementor-element elementor-element-022ce8d elementor-widget elementor-widget-shortcode\" data-id=\"022ce8d\" data-element_type=\"widget\" data-e-type=\"widget\" data-widget_type=\"shortcode.default\">\n\t\t\t\t<div class=\"elementor-widget-container\">\n\t\t\t\t\t\t\t<div class=\"elementor-shortcode\">\n<div class=\"wpcf7 no-js\" id=\"wpcf7-f46964-o1\" lang=\"ca\" dir=\"ltr\" data-wpcf7-id=\"46964\">\n<div class=\"screen-reader-response\"><p role=\"status\" aria-live=\"polite\" aria-atomic=\"true\"><\/p> <ul><\/ul><\/div>\n<form action=\"\/en\/wp-json\/wp\/v2\/pages\/42188#wpcf7-f46964-o1\" method=\"post\" class=\"wpcf7-form init 8e39e23c0828 cmatic-conn cmatic-aud-5 cmatic-mapd0-0 cmatic-v097802 cmatic-sent-0 cmatic-total-0\" aria-label=\"Formulari de contacte\" novalidate=\"novalidate\" data-status=\"init\">\n<fieldset class=\"hidden-fields-container\"><input type=\"hidden\" name=\"_wpcf7\" value=\"46964\" \/><input type=\"hidden\" name=\"_wpcf7_version\" value=\"6.1.5\" \/><input type=\"hidden\" name=\"_wpcf7_locale\" value=\"ca\" \/><input type=\"hidden\" name=\"_wpcf7_unit_tag\" value=\"wpcf7-f46964-o1\" \/><input type=\"hidden\" name=\"_wpcf7_container_post\" value=\"0\" \/><input type=\"hidden\" name=\"_wpcf7_posted_data_hash\" value=\"\" \/><input type=\"hidden\" name=\"_wpcf7_recaptcha_response\" value=\"\" \/>\n<\/fieldset>\n<p><label> El nom<br \/>\n<span class=\"wpcf7-form-control-wrap\" data-name=\"your-name\"><input size=\"40\" maxlength=\"400\" class=\"wpcf7-form-control wpcf7-text wpcf7-validates-as-required\" aria-required=\"true\" aria-invalid=\"false\" value=\"\" type=\"text\" name=\"your-name\" \/><\/span> <\/label>\n<\/p>\n<p><label> El correu electr\u00f2nic<br \/>\n<span class=\"wpcf7-form-control-wrap\" data-name=\"your-email\"><input size=\"40\" maxlength=\"400\" class=\"wpcf7-form-control wpcf7-email wpcf7-validates-as-required wpcf7-text wpcf7-validates-as-email\" aria-required=\"true\" aria-invalid=\"false\" value=\"\" type=\"email\" name=\"your-email\" \/><\/span> <\/label>\n<\/p>\n<p><input class=\"wpcf7-form-control wpcf7-submit has-spinner\" type=\"submit\" value=\"Envia\" \/>\n<\/p><div class=\"wpcf7-response-output\" aria-hidden=\"true\"><\/div>\n<\/form>\n<\/div>\n<\/div>\n\t\t\t\t\t\t<\/div>\n\t\t\t\t<\/div>\n\t\t\t\t<div class=\"elementor-element elementor-element-8b52fba elementor-widget elementor-widget-spacer\" data-id=\"8b52fba\" data-element_type=\"widget\" data-e-type=\"widget\" data-widget_type=\"spacer.default\">\n\t\t\t\t<div class=\"elementor-widget-container\">\n\t\t\t\t\t\t\t<div class=\"elementor-spacer\">\n\t\t\t<div class=\"elementor-spacer-inner\"><\/div>\n\t\t<\/div>\n\t\t\t\t\t\t<\/div>\n\t\t\t\t<\/div>\n\t\t\t\t\t<\/div>\n\t\t<\/div>\n\t\t\t\t<div class=\"elementor-column elementor-col-33 elementor-top-column elementor-element elementor-element-50e8a7b\" data-id=\"50e8a7b\" data-element_type=\"column\" data-e-type=\"column\">\n\t\t\t<div class=\"elementor-widget-wrap\">\n\t\t\t\t\t\t\t<\/div>\n\t\t<\/div>\n\t\t\t\t\t<\/div>\n\t\t<\/section>\n\t\t\t\t<\/div>\n\t\t","protected":false},"excerpt":{"rendered":"<p>Discover Llan\u00e7\u00e0 Blog about experiences in the Costa Brava and the Cap de Creus area Featured Article RUTA POR LOS FAROS DE LA COSTA BRAVA, EMPORD\u00c0 read more LLAN\u00c7\u00c0 IN SEPTEMBER IS EVEN &#8230; Every season of the year or holiday season is good but September is even better. Why? In September Llan\u00e7\u00e0 is even &#8230;<\/p>\n","protected":false},"author":2,"featured_media":0,"parent":0,"menu_order":0,"comment_status":"closed","ping_status":"closed","template":"","meta":{"_acf_changed":false,"footnotes":""},"class_list":["post-42188","page","type-page","status-publish","hentry"],"acf":[],"yoast_head":"<!-- This site is optimized with the Yoast SEO plugin v27.4 - https:\/\/yoast.com\/product\/yoast-seo-wordpress\/ -->\n<title>Live Llan\u00e7\u00e0 I Fabrega-Goertzen&#039;s blog I Cap de Creus &amp; Costa Brava<\/title>\n<meta name=\"description\" content=\"Nous vous d\u00e9voilons tous les secrets de Llan\u00e7\u00e0, du Cap de Creus, de la Costa Brava et les nouvelles de Fabrega-Goertzen.\" \/>\n<meta name=\"robots\" content=\"index, follow, max-snippet:-1, max-image-preview:large, max-video-preview:-1\" \/>\n<link rel=\"canonical\" href=\"https:\/\/fabrega-goertzen.com\/en\/live-llanca-blog\/\" \/>\n<meta property=\"og:locale\" content=\"en_US\" \/>\n<meta property=\"og:type\" content=\"article\" \/>\n<meta property=\"og:title\" content=\"Live Llan\u00e7\u00e0 I Fabrega-Goertzen&#039;s blog I Cap de Creus &amp; Costa Brava\" \/>\n<meta property=\"og:description\" content=\"Nous vous d\u00e9voilons tous les secrets de Llan\u00e7\u00e0, du Cap de Creus, de la Costa Brava et les nouvelles de Fabrega-Goertzen.\" \/>\n<meta property=\"og:url\" content=\"https:\/\/fabrega-goertzen.com\/en\/live-llanca-blog\/\" \/>\n<meta property=\"og:site_name\" content=\"Fabrega-Goertzen\" \/>\n<meta property=\"article:modified_time\" content=\"2022-06-27T21:27:54+00:00\" \/>\n<meta property=\"og:image\" content=\"https:\/\/fabrega-goertzen.com\/wp-content\/uploads\/2022\/01\/jan21llanc-a-0804_7_orig-1024x682-1-400x242.jpeg\" \/>\n<meta name=\"twitter:card\" content=\"summary_large_image\" \/>\n<meta name=\"twitter:label1\" content=\"Est. reading time\" \/>\n\t<meta name=\"twitter:data1\" content=\"2 minutes\" \/>\n<script type=\"application\/ld+json\" class=\"yoast-schema-graph\">{\"@context\":\"https:\\\/\\\/schema.org\",\"@graph\":[{\"@type\":\"WebPage\",\"@id\":\"https:\\\/\\\/fabrega-goertzen.com\\\/en\\\/live-llanca-blog\\\/\",\"url\":\"https:\\\/\\\/fabrega-goertzen.com\\\/en\\\/live-llanca-blog\\\/\",\"name\":\"Live Llan\u00e7\u00e0 I Fabrega-Goertzen's blog I Cap de Creus & Costa Brava\",\"isPartOf\":{\"@id\":\"https:\\\/\\\/fabrega-goertzen.com\\\/#website\"},\"primaryImageOfPage\":{\"@id\":\"https:\\\/\\\/fabrega-goertzen.com\\\/en\\\/live-llanca-blog\\\/#primaryimage\"},\"image\":{\"@id\":\"https:\\\/\\\/fabrega-goertzen.com\\\/en\\\/live-llanca-blog\\\/#primaryimage\"},\"thumbnailUrl\":\"https:\\\/\\\/fabrega-goertzen.com\\\/wp-content\\\/uploads\\\/2022\\\/01\\\/jan21llanc-a-0804_7_orig-1024x682-1-400x242.jpeg\",\"datePublished\":\"2018-05-11T14:45:06+00:00\",\"dateModified\":\"2022-06-27T21:27:54+00:00\",\"description\":\"Nous vous d\u00e9voilons tous les secrets de Llan\u00e7\u00e0, du Cap de Creus, de la Costa Brava et les nouvelles de Fabrega-Goertzen.\",\"breadcrumb\":{\"@id\":\"https:\\\/\\\/fabrega-goertzen.com\\\/en\\\/live-llanca-blog\\\/#breadcrumb\"},\"inLanguage\":\"en-US\",\"potentialAction\":[{\"@type\":\"ReadAction\",\"target\":[\"https:\\\/\\\/fabrega-goertzen.com\\\/en\\\/live-llanca-blog\\\/\"]}]},{\"@type\":\"ImageObject\",\"inLanguage\":\"en-US\",\"@id\":\"https:\\\/\\\/fabrega-goertzen.com\\\/en\\\/live-llanca-blog\\\/#primaryimage\",\"url\":\"https:\\\/\\\/fabrega-goertzen.com\\\/wp-content\\\/uploads\\\/2022\\\/01\\\/jan21llanc-a-0804_7_orig-1024x682-1-400x242.jpeg\",\"contentUrl\":\"https:\\\/\\\/fabrega-goertzen.com\\\/wp-content\\\/uploads\\\/2022\\\/01\\\/jan21llanc-a-0804_7_orig-1024x682-1-400x242.jpeg\"},{\"@type\":\"BreadcrumbList\",\"@id\":\"https:\\\/\\\/fabrega-goertzen.com\\\/en\\\/live-llanca-blog\\\/#breadcrumb\",\"itemListElement\":[{\"@type\":\"ListItem\",\"position\":1,\"name\":\"Home\",\"item\":\"https:\\\/\\\/fabrega-goertzen.com\\\/fr\\\/\"},{\"@type\":\"ListItem\",\"position\":2,\"name\":\"live llan\u00e7\u00e0\"}]},{\"@type\":\"WebSite\",\"@id\":\"https:\\\/\\\/fabrega-goertzen.com\\\/#website\",\"url\":\"https:\\\/\\\/fabrega-goertzen.com\\\/\",\"name\":\"Fabrega-Goertzen\",\"description\":\"Fabrega-Goertzen\",\"potentialAction\":[{\"@type\":\"SearchAction\",\"target\":{\"@type\":\"EntryPoint\",\"urlTemplate\":\"https:\\\/\\\/fabrega-goertzen.com\\\/?s={search_term_string}\"},\"query-input\":{\"@type\":\"PropertyValueSpecification\",\"valueRequired\":true,\"valueName\":\"search_term_string\"}}],\"inLanguage\":\"en-US\"}]}<\/script>\n<!-- \/ Yoast SEO plugin. -->","yoast_head_json":{"title":"Live Llan\u00e7\u00e0 I Fabrega-Goertzen's blog I Cap de Creus & Costa Brava","description":"Nous vous d\u00e9voilons tous les secrets de Llan\u00e7\u00e0, du Cap de Creus, de la Costa Brava et les nouvelles de Fabrega-Goertzen.","robots":{"index":"index","follow":"follow","max-snippet":"max-snippet:-1","max-image-preview":"max-image-preview:large","max-video-preview":"max-video-preview:-1"},"canonical":"https:\/\/fabrega-goertzen.com\/en\/live-llanca-blog\/","og_locale":"en_US","og_type":"article","og_title":"Live Llan\u00e7\u00e0 I Fabrega-Goertzen's blog I Cap de Creus & Costa Brava","og_description":"Nous vous d\u00e9voilons tous les secrets de Llan\u00e7\u00e0, du Cap de Creus, de la Costa Brava et les nouvelles de Fabrega-Goertzen.","og_url":"https:\/\/fabrega-goertzen.com\/en\/live-llanca-blog\/","og_site_name":"Fabrega-Goertzen","article_modified_time":"2022-06-27T21:27:54+00:00","og_image":[{"url":"https:\/\/fabrega-goertzen.com\/wp-content\/uploads\/2022\/01\/jan21llanc-a-0804_7_orig-1024x682-1-400x242.jpeg","type":"","width":"","height":""}],"twitter_card":"summary_large_image","twitter_misc":{"Est. reading time":"2 minutes"},"schema":{"@context":"https:\/\/schema.org","@graph":[{"@type":"WebPage","@id":"https:\/\/fabrega-goertzen.com\/en\/live-llanca-blog\/","url":"https:\/\/fabrega-goertzen.com\/en\/live-llanca-blog\/","name":"Live Llan\u00e7\u00e0 I Fabrega-Goertzen's blog I Cap de Creus & Costa Brava","isPartOf":{"@id":"https:\/\/fabrega-goertzen.com\/#website"},"primaryImageOfPage":{"@id":"https:\/\/fabrega-goertzen.com\/en\/live-llanca-blog\/#primaryimage"},"image":{"@id":"https:\/\/fabrega-goertzen.com\/en\/live-llanca-blog\/#primaryimage"},"thumbnailUrl":"https:\/\/fabrega-goertzen.com\/wp-content\/uploads\/2022\/01\/jan21llanc-a-0804_7_orig-1024x682-1-400x242.jpeg","datePublished":"2018-05-11T14:45:06+00:00","dateModified":"2022-06-27T21:27:54+00:00","description":"Nous vous d\u00e9voilons tous les secrets de Llan\u00e7\u00e0, du Cap de Creus, de la Costa Brava et les nouvelles de Fabrega-Goertzen.","breadcrumb":{"@id":"https:\/\/fabrega-goertzen.com\/en\/live-llanca-blog\/#breadcrumb"},"inLanguage":"en-US","potentialAction":[{"@type":"ReadAction","target":["https:\/\/fabrega-goertzen.com\/en\/live-llanca-blog\/"]}]},{"@type":"ImageObject","inLanguage":"en-US","@id":"https:\/\/fabrega-goertzen.com\/en\/live-llanca-blog\/#primaryimage","url":"https:\/\/fabrega-goertzen.com\/wp-content\/uploads\/2022\/01\/jan21llanc-a-0804_7_orig-1024x682-1-400x242.jpeg","contentUrl":"https:\/\/fabrega-goertzen.com\/wp-content\/uploads\/2022\/01\/jan21llanc-a-0804_7_orig-1024x682-1-400x242.jpeg"},{"@type":"BreadcrumbList","@id":"https:\/\/fabrega-goertzen.com\/en\/live-llanca-blog\/#breadcrumb","itemListElement":[{"@type":"ListItem","position":1,"name":"Home","item":"https:\/\/fabrega-goertzen.com\/fr\/"},{"@type":"ListItem","position":2,"name":"live llan\u00e7\u00e0"}]},{"@type":"WebSite","@id":"https:\/\/fabrega-goertzen.com\/#website","url":"https:\/\/fabrega-goertzen.com\/","name":"Fabrega-Goertzen","description":"Fabrega-Goertzen","potentialAction":[{"@type":"SearchAction","target":{"@type":"EntryPoint","urlTemplate":"https:\/\/fabrega-goertzen.com\/?s={search_term_string}"},"query-input":{"@type":"PropertyValueSpecification","valueRequired":true,"valueName":"search_term_string"}}],"inLanguage":"en-US"}]}},"_links":{"self":[{"href":"https:\/\/fabrega-goertzen.com\/en\/wp-json\/wp\/v2\/pages\/42188","targetHints":{"allow":["GET"]}}],"collection":[{"href":"https:\/\/fabrega-goertzen.com\/en\/wp-json\/wp\/v2\/pages"}],"about":[{"href":"https:\/\/fabrega-goertzen.com\/en\/wp-json\/wp\/v2\/types\/page"}],"author":[{"embeddable":true,"href":"https:\/\/fabrega-goertzen.com\/en\/wp-json\/wp\/v2\/users\/2"}],"replies":[{"embeddable":true,"href":"https:\/\/fabrega-goertzen.com\/en\/wp-json\/wp\/v2\/comments?post=42188"}],"version-history":[{"count":0,"href":"https:\/\/fabrega-goertzen.com\/en\/wp-json\/wp\/v2\/pages\/42188\/revisions"}],"wp:attachment":[{"href":"https:\/\/fabrega-goertzen.com\/en\/wp-json\/wp\/v2\/media?parent=42188"}],"curies":[{"name":"wp","href":"https:\/\/api.w.org\/{rel}","templated":true}]}}